{"id":824,"date":"2024-10-06T10:00:03","date_gmt":"2024-10-06T08:00:03","guid":{"rendered":"https:\/\/ajc33.com\/?page_id=824"},"modified":"2024-10-06T10:00:06","modified_gmt":"2024-10-06T08:00:06","slug":"messages-a-la-communaute-juive-pour-le-premier-anniversaire-des-attentats-du-7-octobre","status":"publish","type":"page","link":"https:\/\/ajc33.com\/index.php\/messages-a-la-communaute-juive-pour-le-premier-anniversaire-des-attentats-du-7-octobre\/","title":{"rendered":"Messages \u00e0 la communaut\u00e9 juive pour le premier anniversaire des attentats du 7 octobre"},"content":{"rendered":"\n<p>Un an apr\u00e8s les attaques du 7 octobre en 2023, Mgr \u00c9tienne Vet\u00f6, \u00e9v\u00eaque auxiliaire de Reims et \u00e9v\u00eaque r\u00e9f\u00e9rent pour les relations avec le juda\u00efsme au sein de&nbsp;<a href=\"https:\/\/eglise.catholique.fr\/glossaire\/conference-des-eveques-de-france\/\">Conf\u00e9rence des \u00e9v\u00eaques de France<\/a>&nbsp;(CEF), adresse \u00e0 la communaut\u00e9 juive un message de paix.<\/p>\n\n\n\n<p>A quelques jours de Rosh Hashana je voudrais vous souhaiter, chers amis, chers s\u0153urs et fr\u00e8res du peuple Juif, une ann\u00e9e douce et f\u00e9conde. Mais comment oser le faire lorsque plane l\u2019ombre du triste anniversaire de l\u2019attaque terroriste du Hamas contre Isra\u00ebl le 7 octobre dernier&nbsp;?<\/p>\n\n\n\n<p>L\u2019\u00c9glise catholique&nbsp;<a href=\"https:\/\/eglise.catholique.fr\/espace-presse\/communiques-de-presse\/545006-attaques-en-israel-communique-de-mgr-eric-de-moulins-beaufort\/\">n\u2019a pas v\u00e9cu ces \u00e9v\u00e9nements dans sa chair comme vous<\/a>, mais elle partage, autant qu\u2019elle le peut, votre sentiment de choc, de peur, d\u2019indicible tristesse. Elle ressent la crise existentielle d\u2019Isra\u00ebl et de tout le peuple Juif, la perception d\u2019une menace pour les individus et pour le peuple tout entier, notamment avec&nbsp;<a href=\"https:\/\/eglise.catholique.fr\/approfondir-sa-foi\/vivre-sa-foi-a-tous-les-ages\/relationsjudaisme\/542049-deconstruire-lantijudaisme-chretien\/\">la terrifiante mont\u00e9e de l\u2019antis\u00e9mitisme qui souvent touche le quotidien de vos vies<\/a>. Pour une grande part de la population fran\u00e7aise le 7 octobre est malheureusement lointain \u2013 mais pour la tr\u00e8s grande majorit\u00e9 des juifs, ce jour funeste est tout proche, juste \u00e0 l\u2019horizon.&nbsp;<em>Tout cela, l\u2019\u00c9glise cherche \u00e0 le comprendre et aimerait le faire comprendre \u00e0 d\u2019autres.<\/em>&nbsp;Nous tenons \u00e0 vous dire&nbsp;: vous n\u2019\u00eates pas seuls. Peut-\u00eatre n\u2019arrivons nous pas toujours \u00e0 dire les mots ou poser les gestes qu\u2019il faut, mais nous vous consid\u00e9rons comme nos fr\u00e8res et s\u0153urs a\u00een\u00e9s, voire nos p\u00e8res et m\u00e8res dans la foi \u2013 et nous esp\u00e9rons pouvoir \u00eatre consid\u00e9r\u00e9s comme des amis.<\/p>\n\n\n\n<p>A&nbsp;<a href=\"https:\/\/eglise.catholique.fr\/approfondir-sa-foi\/vivre-sa-foi-a-tous-les-ages\/relationsjudaisme\/444944-rosh-hashana\/\">Rosh Hashana, Dieu promet, malgr\u00e9 tout ce qui semble sombre et sans avenir, un renouvellement de la cr\u00e9ation<\/a>. Prions avec force pour une situation nouvelle : prions pour le retour des otages, prions pour la fin de la guerre, prions pour une paix juste et durable. Le monde a besoin du peuple juif, l\u2019\u00c9glise a besoin du peuple juif et a besoin de dire tout le bien que ce peuple a apport\u00e9 et apporte \u00e0 l\u2019humanit\u00e9. Les nations du monde ont besoin de l\u2019\u00c9tat d\u2019Isra\u00ebl, un \u00c9tat d\u2019Isra\u00ebl reconnu dans sa pleine l\u00e9gitimit\u00e9 par tous et en particulier par ses voisins. Le monde et l\u2019\u00c9glise ont \u00e9galement besoin d\u2019un \u00c9tat Palestinien qui ait sa consistance et son enti\u00e8re autonomie et qui permette au peuple Palestinien de vivre dignement.<\/p>\n\n\n\n<p>Que cette nouvelle ann\u00e9e nous rapproche de ce r\u00eave, qui est la seule r\u00e9alit\u00e9 possible pour qu\u2019il y ait la paix, le chalom. C\u2019est avec cette&nbsp;<a href=\"https:\/\/eglise.catholique.fr\/glossaire\/esperance\/\">esp\u00e9rance<\/a>&nbsp;que nous pouvons dire&nbsp;:&nbsp;<a href=\"https:\/\/eglise.catholique.fr\/approfondir-sa-foi\/vivre-sa-foi-a-tous-les-ages\/relationsjudaisme\/444944-rosh-hashana\/\">chana tova<\/a>, bonne ann\u00e9e. Que vous soyez \u2013 et, nous osons ajouter, humblement, que nous soyons \u2013 inscrits dans le Livre de Vie.<\/p>\n\n\n\n<p>Mgr \u00c9tienne Vet\u00f6, \u00e9v\u00eaque auxiliaire de Reims,<br>\u00e9v\u00eaque accompagnateur des relations avec le juda\u00efsme,.<\/p>\n\n\n\n<figure class=\"wp-block-embed is-type-video is-provider-youtube wp-block-embed-youtube wp-embed-aspect-16-9 wp-has-aspect-ratio\"><div class=\"wp-block-embed__wrapper\">\n<div class=\"jetpack-video-wrapper\"><iframe loading=\"lazy\" title=\"7-10, 1 an apr\u00e8s : message de l&#039;\u00c9glise catholique \u00e0 la communaut\u00e9 juive\" width=\"825\" height=\"464\" src=\"https:\/\/www.youtube.com\/embed\/b8do9vrymIs?feature=oembed\" frameborder=\"0\" allow=\"accelerometer; autoplay; clipboard-write; encrypted-media; gyroscope; picture-in-picture; web-share\" referrerpolicy=\"strict-origin-when-cross-origin\" allowfullscreen><\/iframe><\/div>\n<\/div><\/figure>\n","protected":false},"excerpt":{"rendered":"<p>Un an apr\u00e8s les attaques du 7 octobre en 2023, Mgr \u00c9tienne Vet\u00f6, \u00e9v\u00eaque auxiliaire de Reims et \u00e9v\u00eaque r\u00e9f\u00e9rent pour les relations avec le juda\u00efsme au sein de&nbsp;Conf\u00e9rence des&hellip; <a href=\"https:\/\/ajc33.com\/index.php\/messages-a-la-communaute-juive-pour-le-premier-anniversaire-des-attentats-du-7-octobre\/\" class=\"more-link\">Lire la suite <span class=\"screen-reader-text\">Messages \u00e0 la communaut\u00e9 juive pour le premier anniversaire des attentats du 7 octobre<\/span><\/a><\/p>\n","protected":false},"author":1,"featured_media":0,"parent":0,"menu_order":0,"comment_status":"closed","ping_status":"closed","template":"","meta":{"footnotes":""},"tags":[],"class_list":["post-824","page","type-page","status-publish","hentry","without-featured-image"],"yoast_head":"<!-- This site is optimized with the Yoast SEO plugin v26.6 - https:\/\/yoast.com\/wordpress\/plugins\/seo\/ -->\n<title>Messages \u00e0 la communaut\u00e9 juive pour le premier anniversaire des attentats du 7 octobre - L&#039;amiti\u00e9 Jud\u00e9o-Chr\u00e9tienne de Bordeaux<\/title>\n<meta name=\"robots\" content=\"index, follow, max-snippet:-1, max-image-preview:large, max-video-preview:-1\" \/>\n<link rel=\"canonical\" href=\"https:\/\/ajc33.com\/index.php\/messages-a-la-communaute-juive-pour-le-premier-anniversaire-des-attentats-du-7-octobre\/\" \/>\n<meta property=\"og:locale\" content=\"fr_FR\" \/>\n<meta property=\"og:type\" content=\"article\" \/>\n<meta property=\"og:title\" content=\"Messages \u00e0 la communaut\u00e9 juive pour le premier anniversaire des attentats du 7 octobre - L&#039;amiti\u00e9 Jud\u00e9o-Chr\u00e9tienne de Bordeaux\" \/>\n<meta property=\"og:description\" content=\"Un an apr\u00e8s les attaques du 7 octobre en 2023, Mgr \u00c9tienne Vet\u00f6, \u00e9v\u00eaque auxiliaire de Reims et \u00e9v\u00eaque r\u00e9f\u00e9rent pour les relations avec le juda\u00efsme au sein de&nbsp;Conf\u00e9rence des&hellip; Lire la suite Messages \u00e0 la communaut\u00e9 juive pour le premier anniversaire des attentats du 7 octobre\" \/>\n<meta property=\"og:url\" content=\"https:\/\/ajc33.com\/index.php\/messages-a-la-communaute-juive-pour-le-premier-anniversaire-des-attentats-du-7-octobre\/\" \/>\n<meta property=\"og:site_name\" content=\"L&#039;amiti\u00e9 Jud\u00e9o-Chr\u00e9tienne de Bordeaux\" \/>\n<meta property=\"article:modified_time\" content=\"2024-10-06T08:00:06+00:00\" \/>\n<meta name=\"twitter:card\" content=\"summary_large_image\" \/>\n<meta name=\"twitter:label1\" content=\"Dur\u00e9e de lecture estim\u00e9e\" \/>\n\t<meta name=\"twitter:data1\" content=\"3 minutes\" \/>\n<script type=\"application\/ld+json\" class=\"yoast-schema-graph\">{\"@context\":\"https:\/\/schema.org\",\"@graph\":[{\"@type\":\"WebPage\",\"@id\":\"https:\/\/ajc33.com\/index.php\/messages-a-la-communaute-juive-pour-le-premier-anniversaire-des-attentats-du-7-octobre\/\",\"url\":\"https:\/\/ajc33.com\/index.php\/messages-a-la-communaute-juive-pour-le-premier-anniversaire-des-attentats-du-7-octobre\/\",\"name\":\"Messages \u00e0 la communaut\u00e9 juive pour le premier anniversaire des attentats du 7 octobre - L&#039;amiti\u00e9 Jud\u00e9o-Chr\u00e9tienne de Bordeaux\",\"isPartOf\":{\"@id\":\"https:\/\/ajc33.com\/#website\"},\"datePublished\":\"2024-10-06T08:00:03+00:00\",\"dateModified\":\"2024-10-06T08:00:06+00:00\",\"breadcrumb\":{\"@id\":\"https:\/\/ajc33.com\/index.php\/messages-a-la-communaute-juive-pour-le-premier-anniversaire-des-attentats-du-7-octobre\/#breadcrumb\"},\"inLanguage\":\"fr-FR\",\"potentialAction\":[{\"@type\":\"ReadAction\",\"target\":[\"https:\/\/ajc33.com\/index.php\/messages-a-la-communaute-juive-pour-le-premier-anniversaire-des-attentats-du-7-octobre\/\"]}]},{\"@type\":\"BreadcrumbList\",\"@id\":\"https:\/\/ajc33.com\/index.php\/messages-a-la-communaute-juive-pour-le-premier-anniversaire-des-attentats-du-7-octobre\/#breadcrumb\",\"itemListElement\":[{\"@type\":\"ListItem\",\"position\":1,\"name\":\"Home\",\"item\":\"https:\/\/ajc33.com\/\"},{\"@type\":\"ListItem\",\"position\":2,\"name\":\"Messages \u00e0 la communaut\u00e9 juive pour le premier anniversaire des attentats du 7 octobre\"}]},{\"@type\":\"WebSite\",\"@id\":\"https:\/\/ajc33.com\/#website\",\"url\":\"https:\/\/ajc33.com\/\",\"name\":\"L&#039;amiti\u00e9 Jud\u00e9o-Chr\u00e9tienne de Bordeaux\",\"description\":\"\",\"publisher\":{\"@id\":\"https:\/\/ajc33.com\/#organization\"},\"potentialAction\":[{\"@type\":\"SearchAction\",\"target\":{\"@type\":\"EntryPoint\",\"urlTemplate\":\"https:\/\/ajc33.com\/?s={search_term_string}\"},\"query-input\":{\"@type\":\"PropertyValueSpecification\",\"valueRequired\":true,\"valueName\":\"search_term_string\"}}],\"inLanguage\":\"fr-FR\"},{\"@type\":\"Organization\",\"@id\":\"https:\/\/ajc33.com\/#organization\",\"name\":\"L&#039;amiti\u00e9 Jud\u00e9o-Chr\u00e9tienne de Bordeaux\",\"url\":\"https:\/\/ajc33.com\/\",\"logo\":{\"@type\":\"ImageObject\",\"inLanguage\":\"fr-FR\",\"@id\":\"https:\/\/ajc33.com\/#\/schema\/logo\/image\/\",\"url\":\"https:\/\/ajc33.com\/wp-content\/uploads\/2018\/03\/cropped-ajc-bod-2.jpg\",\"contentUrl\":\"https:\/\/ajc33.com\/wp-content\/uploads\/2018\/03\/cropped-ajc-bod-2.jpg\",\"width\":200,\"height\":191,\"caption\":\"L&#039;amiti\u00e9 Jud\u00e9o-Chr\u00e9tienne de Bordeaux\"},\"image\":{\"@id\":\"https:\/\/ajc33.com\/#\/schema\/logo\/image\/\"}}]}<\/script>\n<!-- \/ Yoast SEO plugin. -->","yoast_head_json":{"title":"Messages \u00e0 la communaut\u00e9 juive pour le premier anniversaire des attentats du 7 octobre - L&#039;amiti\u00e9 Jud\u00e9o-Chr\u00e9tienne de Bordeaux","robots":{"index":"index","follow":"follow","max-snippet":"max-snippet:-1","max-image-preview":"max-image-preview:large","max-video-preview":"max-video-preview:-1"},"canonical":"https:\/\/ajc33.com\/index.php\/messages-a-la-communaute-juive-pour-le-premier-anniversaire-des-attentats-du-7-octobre\/","og_locale":"fr_FR","og_type":"article","og_title":"Messages \u00e0 la communaut\u00e9 juive pour le premier anniversaire des attentats du 7 octobre - L&#039;amiti\u00e9 Jud\u00e9o-Chr\u00e9tienne de Bordeaux","og_description":"Un an apr\u00e8s les attaques du 7 octobre en 2023, Mgr \u00c9tienne Vet\u00f6, \u00e9v\u00eaque auxiliaire de Reims et \u00e9v\u00eaque r\u00e9f\u00e9rent pour les relations avec le juda\u00efsme au sein de&nbsp;Conf\u00e9rence des&hellip; Lire la suite Messages \u00e0 la communaut\u00e9 juive pour le premier anniversaire des attentats du 7 octobre","og_url":"https:\/\/ajc33.com\/index.php\/messages-a-la-communaute-juive-pour-le-premier-anniversaire-des-attentats-du-7-octobre\/","og_site_name":"L&#039;amiti\u00e9 Jud\u00e9o-Chr\u00e9tienne de Bordeaux","article_modified_time":"2024-10-06T08:00:06+00:00","twitter_card":"summary_large_image","twitter_misc":{"Dur\u00e9e de lecture estim\u00e9e":"3 minutes"},"schema":{"@context":"https:\/\/schema.org","@graph":[{"@type":"WebPage","@id":"https:\/\/ajc33.com\/index.php\/messages-a-la-communaute-juive-pour-le-premier-anniversaire-des-attentats-du-7-octobre\/","url":"https:\/\/ajc33.com\/index.php\/messages-a-la-communaute-juive-pour-le-premier-anniversaire-des-attentats-du-7-octobre\/","name":"Messages \u00e0 la communaut\u00e9 juive pour le premier anniversaire des attentats du 7 octobre - L&#039;amiti\u00e9 Jud\u00e9o-Chr\u00e9tienne de Bordeaux","isPartOf":{"@id":"https:\/\/ajc33.com\/#website"},"datePublished":"2024-10-06T08:00:03+00:00","dateModified":"2024-10-06T08:00:06+00:00","breadcrumb":{"@id":"https:\/\/ajc33.com\/index.php\/messages-a-la-communaute-juive-pour-le-premier-anniversaire-des-attentats-du-7-octobre\/#breadcrumb"},"inLanguage":"fr-FR","potentialAction":[{"@type":"ReadAction","target":["https:\/\/ajc33.com\/index.php\/messages-a-la-communaute-juive-pour-le-premier-anniversaire-des-attentats-du-7-octobre\/"]}]},{"@type":"BreadcrumbList","@id":"https:\/\/ajc33.com\/index.php\/messages-a-la-communaute-juive-pour-le-premier-anniversaire-des-attentats-du-7-octobre\/#breadcrumb","itemListElement":[{"@type":"ListItem","position":1,"name":"Home","item":"https:\/\/ajc33.com\/"},{"@type":"ListItem","position":2,"name":"Messages \u00e0 la communaut\u00e9 juive pour le premier anniversaire des attentats du 7 octobre"}]},{"@type":"WebSite","@id":"https:\/\/ajc33.com\/#website","url":"https:\/\/ajc33.com\/","name":"L&#039;amiti\u00e9 Jud\u00e9o-Chr\u00e9tienne de Bordeaux","description":"","publisher":{"@id":"https:\/\/ajc33.com\/#organization"},"potentialAction":[{"@type":"SearchAction","target":{"@type":"EntryPoint","urlTemplate":"https:\/\/ajc33.com\/?s={search_term_string}"},"query-input":{"@type":"PropertyValueSpecification","valueRequired":true,"valueName":"search_term_string"}}],"inLanguage":"fr-FR"},{"@type":"Organization","@id":"https:\/\/ajc33.com\/#organization","name":"L&#039;amiti\u00e9 Jud\u00e9o-Chr\u00e9tienne de Bordeaux","url":"https:\/\/ajc33.com\/","logo":{"@type":"ImageObject","inLanguage":"fr-FR","@id":"https:\/\/ajc33.com\/#\/schema\/logo\/image\/","url":"https:\/\/ajc33.com\/wp-content\/uploads\/2018\/03\/cropped-ajc-bod-2.jpg","contentUrl":"https:\/\/ajc33.com\/wp-content\/uploads\/2018\/03\/cropped-ajc-bod-2.jpg","width":200,"height":191,"caption":"L&#039;amiti\u00e9 Jud\u00e9o-Chr\u00e9tienne de Bordeaux"},"image":{"@id":"https:\/\/ajc33.com\/#\/schema\/logo\/image\/"}}]}},"jetpack_sharing_enabled":true,"_links":{"self":[{"href":"https:\/\/ajc33.com\/index.php\/wp-json\/wp\/v2\/pages\/824","targetHints":{"allow":["GET"]}}],"collection":[{"href":"https:\/\/ajc33.com\/index.php\/wp-json\/wp\/v2\/pages"}],"about":[{"href":"https:\/\/ajc33.com\/index.php\/wp-json\/wp\/v2\/types\/page"}],"author":[{"embeddable":true,"href":"https:\/\/ajc33.com\/index.php\/wp-json\/wp\/v2\/users\/1"}],"replies":[{"embeddable":true,"href":"https:\/\/ajc33.com\/index.php\/wp-json\/wp\/v2\/comments?post=824"}],"version-history":[{"count":1,"href":"https:\/\/ajc33.com\/index.php\/wp-json\/wp\/v2\/pages\/824\/revisions"}],"predecessor-version":[{"id":826,"href":"https:\/\/ajc33.com\/index.php\/wp-json\/wp\/v2\/pages\/824\/revisions\/826"}],"wp:attachment":[{"href":"https:\/\/ajc33.com\/index.php\/wp-json\/wp\/v2\/media?parent=824"}],"wp:term":[{"taxonomy":"post_tag","embeddable":true,"href":"https:\/\/ajc33.com\/index.php\/wp-json\/wp\/v2\/tags?post=824"}],"curies":[{"name":"wp","href":"https:\/\/api.w.org\/{rel}","templated":true}]}}