{"id":574,"date":"2022-12-08T16:43:20","date_gmt":"2022-12-08T15:43:20","guid":{"rendered":"https:\/\/ajc33.com\/?page_id=574"},"modified":"2022-12-08T16:43:22","modified_gmt":"2022-12-08T15:43:22","slug":"service-diocesain-pour-les-relations-avec-le-judaisme-lamitie-judeo-chretienne-de-bordeaux","status":"publish","type":"page","link":"https:\/\/ajc33.com\/index.php\/service-diocesain-pour-les-relations-avec-le-judaisme-lamitie-judeo-chretienne-de-bordeaux\/","title":{"rendered":"Service Dioc\u00e9sain pour les\u00a0relations avec le Juda\u00efsme &#038; L\u2019Amiti\u00e9 Jud\u00e9o-Chr\u00e9tienne\u00a0de Bordeaux\u00ad"},"content":{"rendered":"\n<figure class=\"wp-block-table\"><table><tbody><tr><td>                                                   <strong>   2022- 2023\u00a05783<br>Service Dioc\u00e9sain pour les\u00a0relations avec le Juda\u00efsme &amp; L\u2019Amiti\u00e9 Jud\u00e9o-Chr\u00e9tienne\u00a0de Bordeaux\u00ad<\/strong><br><br>                                       <img decoding=\"async\" width=\"342\" src=\"https:\/\/ecp.yusercontent.com\/mail?url=http%3A%2F%2Fr.expedition.bordeaux.catholique.fr%2Fim%2F143789%2F4195d4498aec5053f320f5c186089896e7090f1daa944aa04835ee2a1937802a.png%3Fe%3DZDSCeBbirdEkFdkCF7LDKseO0Lx3WLZ2_IejvXME2zdVd06TfR2CTyiugppOo-t-IJ8aOcFJp73XUSG-M6OsZ7h6TkAklHBPEitJRhDUUvcrFo2JuhQssJ0xTSo8qULiXQxn7grX9VLLUI36HvMs-atYHmeN0_nuEuDuwHUCtRB1XIA6z8zxRoQ9nNoAkmultF95ouffFdwL6D3wdYYXeD3rE5W4m_5Is2uGB1dQ6m0GAKQF2a5ZzPOmMZR__4YEIVjJPvkh9L-AhJgwp3EstbMcLj1cX76cDNzl&amp;t=1670513537&amp;ymreqid=d4a9156e-4536-f537-1c26-e9000f010300&amp;sig=tWMz4WKNqUhcK9Yk_a2Odw--~D\">\u00ad\u00ad\u00ad<\/td><\/tr><tr><td>\u00ad\u00ad\u00ad<strong>\u00a0Dimanche 22 Janvier 2023 11h -17h30<\/strong><br><br><strong>Au M\u00e9morial de la Shoah<\/strong><br>17 Rue Geoffroy l&rsquo;Asnier,<br> Paris 75004\u00ad.<br><br>Visite du M\u00e9morial et de l\u2019exposition <strong>\u00ab A la Gr\u00e2ce de Dieu.\u00a0Les Eglises et la Shoah \u00bb<\/strong><br>avec explications et conf\u00e9rence de Philippe Boukara\u00a0suivies d\u2019un \u00e9change<br><br>Date limite d\u2019inscription : <strong>mercredi 18 janvier 2023<\/strong>\u00a0<br>Nombre de places limit\u00e9es\u00a0<br>Participation aux frais -20\u20ac Pour frais de repas et intervenant<br><br>Inscription obligatoire et paiement \u00e0 l\u2019avance suivez le lien ci-dessous avec Hello asso\u00a0\u00a0\u00ad\u00ad<br><a href=\"http:\/\/r.expedition.bordeaux.catholique.fr\/mk\/cl\/f\/_yyGf1s3b-PxGP35xI10aY9Yx81-J-uer3bG9X5aquR2Pqz0uAeS8Ugu820KWwI4OEFNQA6Zc6LPUilQktzHR-6NF5am1FwwfgcyvjLDIdC-eWvYh4OYPDGlV3C3vB5ohHPX8NktKMMysMLrsihh6yYPV0KeKPUBalz6pdcAZFHAEXTje-PrJkqDcA3ucXgFaa7ONiypMSpsCiedebMvchRoJtE7OUu9XeQYIm0WgrGAvOWQ0waNfgM9N3K8CqWHolxnmdvY_dMucqXjiLRaKjI_dN8VdIrc5dfZ99GxLeZNSKsQlrN1k3zuSRjaKutMpKffmMyi4603Td69WXWYV0L3j4Ltvk8d0537X4k71gSB1zV8\" target=\"_blank\" rel=\"noreferrer noopener\">Pour vous inscrire<\/a>\u00ad\u00ad\u00ad<\/td><\/tr><\/tbody><\/table><\/figure>\n","protected":false},"excerpt":{"rendered":"<p>2022- 2023\u00a05783Service Dioc\u00e9sain pour les\u00a0relations avec le Juda\u00efsme &amp; L\u2019Amiti\u00e9 Jud\u00e9o-Chr\u00e9tienne\u00a0de Bordeaux\u00ad \u00ad\u00ad\u00ad \u00ad\u00ad\u00ad\u00a0Dimanche 22 Janvier 2023 11h -17h30 Au M\u00e9morial de la Shoah17 Rue Geoffroy l&rsquo;Asnier, Paris 75004\u00ad. Visite&hellip; <a href=\"https:\/\/ajc33.com\/index.php\/service-diocesain-pour-les-relations-avec-le-judaisme-lamitie-judeo-chretienne-de-bordeaux\/\" class=\"more-link\">Lire la suite <span class=\"screen-reader-text\">Service Dioc\u00e9sain pour les\u00a0relations avec le Juda\u00efsme &#038; L\u2019Amiti\u00e9 Jud\u00e9o-Chr\u00e9tienne\u00a0de Bordeaux\u00ad<\/span><\/a><\/p>\n","protected":false},"author":1,"featured_media":0,"parent":0,"menu_order":0,"comment_status":"closed","ping_status":"closed","template":"","meta":{"footnotes":""},"tags":[],"class_list":["post-574","page","type-page","status-publish","hentry","without-featured-image"],"yoast_head":"<!-- This site is optimized with the Yoast SEO plugin v26.6 - https:\/\/yoast.com\/wordpress\/plugins\/seo\/ -->\n<title>Service Dioc\u00e9sain pour les\u00a0relations avec le Juda\u00efsme &amp; L\u2019Amiti\u00e9 Jud\u00e9o-Chr\u00e9tienne\u00a0de Bordeaux\u00ad - L&#039;amiti\u00e9 Jud\u00e9o-Chr\u00e9tienne de Bordeaux<\/title>\n<meta name=\"robots\" content=\"index, follow, max-snippet:-1, max-image-preview:large, max-video-preview:-1\" \/>\n<link rel=\"canonical\" href=\"https:\/\/ajc33.com\/index.php\/service-diocesain-pour-les-relations-avec-le-judaisme-lamitie-judeo-chretienne-de-bordeaux\/\" \/>\n<meta property=\"og:locale\" content=\"fr_FR\" \/>\n<meta property=\"og:type\" content=\"article\" \/>\n<meta property=\"og:title\" content=\"Service Dioc\u00e9sain pour les\u00a0relations avec le Juda\u00efsme &amp; L\u2019Amiti\u00e9 Jud\u00e9o-Chr\u00e9tienne\u00a0de Bordeaux\u00ad - L&#039;amiti\u00e9 Jud\u00e9o-Chr\u00e9tienne de Bordeaux\" \/>\n<meta property=\"og:description\" content=\"2022- 2023\u00a05783Service Dioc\u00e9sain pour les\u00a0relations avec le Juda\u00efsme &amp; L\u2019Amiti\u00e9 Jud\u00e9o-Chr\u00e9tienne\u00a0de Bordeaux\u00ad \u00ad\u00ad\u00ad \u00ad\u00ad\u00ad\u00a0Dimanche 22 Janvier 2023 11h -17h30 Au M\u00e9morial de la Shoah17 Rue Geoffroy l&rsquo;Asnier, Paris 75004\u00ad. Visite&hellip; Lire la suite Service Dioc\u00e9sain pour les\u00a0relations avec le Juda\u00efsme &#038; L\u2019Amiti\u00e9 Jud\u00e9o-Chr\u00e9tienne\u00a0de Bordeaux\u00ad\" \/>\n<meta property=\"og:url\" content=\"https:\/\/ajc33.com\/index.php\/service-diocesain-pour-les-relations-avec-le-judaisme-lamitie-judeo-chretienne-de-bordeaux\/\" \/>\n<meta property=\"og:site_name\" content=\"L&#039;amiti\u00e9 Jud\u00e9o-Chr\u00e9tienne de Bordeaux\" \/>\n<meta property=\"article:modified_time\" content=\"2022-12-08T15:43:22+00:00\" \/>\n<meta property=\"og:image\" content=\"https:\/\/ecp.yusercontent.com\/mail?url=http%3A%2F%2Fr.expedition.bordeaux.catholique.fr%2Fim%2F143789%2F4195d4498aec5053f320f5c186089896e7090f1daa944aa04835ee2a1937802a.png%3Fe%3DZDSCeBbirdEkFdkCF7LDKseO0Lx3WLZ2_IejvXME2zdVd06TfR2CTyiugppOo-t-IJ8aOcFJp73XUSG-M6OsZ7h6TkAklHBPEitJRhDUUvcrFo2JuhQssJ0xTSo8qULiXQxn7grX9VLLUI36HvMs-atYHmeN0_nuEuDuwHUCtRB1XIA6z8zxRoQ9nNoAkmultF95ouffFdwL6D3wdYYXeD3rE5W4m_5Is2uGB1dQ6m0GAKQF2a5ZzPOmMZR__4YEIVjJPvkh9L-AhJgwp3EstbMcLj1cX76cDNzl&amp;t=1670513537&amp;ymreqid=d4a9156e-4536-f537-1c26-e9000f010300&amp;sig=tWMz4WKNqUhcK9Yk_a2Odw--~D\" \/>\n<meta name=\"twitter:card\" content=\"summary_large_image\" \/>\n<meta name=\"twitter:label1\" content=\"Dur\u00e9e de lecture estim\u00e9e\" \/>\n\t<meta name=\"twitter:data1\" content=\"1 minute\" \/>\n<script type=\"application\/ld+json\" class=\"yoast-schema-graph\">{\"@context\":\"https:\/\/schema.org\",\"@graph\":[{\"@type\":\"WebPage\",\"@id\":\"https:\/\/ajc33.com\/index.php\/service-diocesain-pour-les-relations-avec-le-judaisme-lamitie-judeo-chretienne-de-bordeaux\/\",\"url\":\"https:\/\/ajc33.com\/index.php\/service-diocesain-pour-les-relations-avec-le-judaisme-lamitie-judeo-chretienne-de-bordeaux\/\",\"name\":\"Service Dioc\u00e9sain pour les\u00a0relations avec le Juda\u00efsme & L\u2019Amiti\u00e9 Jud\u00e9o-Chr\u00e9tienne\u00a0de Bordeaux\u00ad - L&#039;amiti\u00e9 Jud\u00e9o-Chr\u00e9tienne de Bordeaux\",\"isPartOf\":{\"@id\":\"https:\/\/ajc33.com\/#website\"},\"primaryImageOfPage\":{\"@id\":\"https:\/\/ajc33.com\/index.php\/service-diocesain-pour-les-relations-avec-le-judaisme-lamitie-judeo-chretienne-de-bordeaux\/#primaryimage\"},\"image\":{\"@id\":\"https:\/\/ajc33.com\/index.php\/service-diocesain-pour-les-relations-avec-le-judaisme-lamitie-judeo-chretienne-de-bordeaux\/#primaryimage\"},\"thumbnailUrl\":\"https:\/\/ecp.yusercontent.com\/mail?url=http%3A%2F%2Fr.expedition.bordeaux.catholique.fr%2Fim%2F143789%2F4195d4498aec5053f320f5c186089896e7090f1daa944aa04835ee2a1937802a.png%3Fe%3DZDSCeBbirdEkFdkCF7LDKseO0Lx3WLZ2_IejvXME2zdVd06TfR2CTyiugppOo-t-IJ8aOcFJp73XUSG-M6OsZ7h6TkAklHBPEitJRhDUUvcrFo2JuhQssJ0xTSo8qULiXQxn7grX9VLLUI36HvMs-atYHmeN0_nuEuDuwHUCtRB1XIA6z8zxRoQ9nNoAkmultF95ouffFdwL6D3wdYYXeD3rE5W4m_5Is2uGB1dQ6m0GAKQF2a5ZzPOmMZR__4YEIVjJPvkh9L-AhJgwp3EstbMcLj1cX76cDNzl&amp;t=1670513537&amp;ymreqid=d4a9156e-4536-f537-1c26-e9000f010300&amp;sig=tWMz4WKNqUhcK9Yk_a2Odw--~D\",\"datePublished\":\"2022-12-08T15:43:20+00:00\",\"dateModified\":\"2022-12-08T15:43:22+00:00\",\"breadcrumb\":{\"@id\":\"https:\/\/ajc33.com\/index.php\/service-diocesain-pour-les-relations-avec-le-judaisme-lamitie-judeo-chretienne-de-bordeaux\/#breadcrumb\"},\"inLanguage\":\"fr-FR\",\"potentialAction\":[{\"@type\":\"ReadAction\",\"target\":[\"https:\/\/ajc33.com\/index.php\/service-diocesain-pour-les-relations-avec-le-judaisme-lamitie-judeo-chretienne-de-bordeaux\/\"]}]},{\"@type\":\"ImageObject\",\"inLanguage\":\"fr-FR\",\"@id\":\"https:\/\/ajc33.com\/index.php\/service-diocesain-pour-les-relations-avec-le-judaisme-lamitie-judeo-chretienne-de-bordeaux\/#primaryimage\",\"url\":\"https:\/\/ecp.yusercontent.com\/mail?url=http%3A%2F%2Fr.expedition.bordeaux.catholique.fr%2Fim%2F143789%2F4195d4498aec5053f320f5c186089896e7090f1daa944aa04835ee2a1937802a.png%3Fe%3DZDSCeBbirdEkFdkCF7LDKseO0Lx3WLZ2_IejvXME2zdVd06TfR2CTyiugppOo-t-IJ8aOcFJp73XUSG-M6OsZ7h6TkAklHBPEitJRhDUUvcrFo2JuhQssJ0xTSo8qULiXQxn7grX9VLLUI36HvMs-atYHmeN0_nuEuDuwHUCtRB1XIA6z8zxRoQ9nNoAkmultF95ouffFdwL6D3wdYYXeD3rE5W4m_5Is2uGB1dQ6m0GAKQF2a5ZzPOmMZR__4YEIVjJPvkh9L-AhJgwp3EstbMcLj1cX76cDNzl&amp;t=1670513537&amp;ymreqid=d4a9156e-4536-f537-1c26-e9000f010300&amp;sig=tWMz4WKNqUhcK9Yk_a2Odw--~D\",\"contentUrl\":\"https:\/\/ecp.yusercontent.com\/mail?url=http%3A%2F%2Fr.expedition.bordeaux.catholique.fr%2Fim%2F143789%2F4195d4498aec5053f320f5c186089896e7090f1daa944aa04835ee2a1937802a.png%3Fe%3DZDSCeBbirdEkFdkCF7LDKseO0Lx3WLZ2_IejvXME2zdVd06TfR2CTyiugppOo-t-IJ8aOcFJp73XUSG-M6OsZ7h6TkAklHBPEitJRhDUUvcrFo2JuhQssJ0xTSo8qULiXQxn7grX9VLLUI36HvMs-atYHmeN0_nuEuDuwHUCtRB1XIA6z8zxRoQ9nNoAkmultF95ouffFdwL6D3wdYYXeD3rE5W4m_5Is2uGB1dQ6m0GAKQF2a5ZzPOmMZR__4YEIVjJPvkh9L-AhJgwp3EstbMcLj1cX76cDNzl&amp;t=1670513537&amp;ymreqid=d4a9156e-4536-f537-1c26-e9000f010300&amp;sig=tWMz4WKNqUhcK9Yk_a2Odw--~D\"},{\"@type\":\"BreadcrumbList\",\"@id\":\"https:\/\/ajc33.com\/index.php\/service-diocesain-pour-les-relations-avec-le-judaisme-lamitie-judeo-chretienne-de-bordeaux\/#breadcrumb\",\"itemListElement\":[{\"@type\":\"ListItem\",\"position\":1,\"name\":\"Home\",\"item\":\"https:\/\/ajc33.com\/\"},{\"@type\":\"ListItem\",\"position\":2,\"name\":\"Service Dioc\u00e9sain pour les\u00a0relations avec le Juda\u00efsme &#038; L\u2019Amiti\u00e9 Jud\u00e9o-Chr\u00e9tienne\u00a0de Bordeaux\u00ad\"}]},{\"@type\":\"WebSite\",\"@id\":\"https:\/\/ajc33.com\/#website\",\"url\":\"https:\/\/ajc33.com\/\",\"name\":\"L&#039;amiti\u00e9 Jud\u00e9o-Chr\u00e9tienne de Bordeaux\",\"description\":\"\",\"publisher\":{\"@id\":\"https:\/\/ajc33.com\/#organization\"},\"potentialAction\":[{\"@type\":\"SearchAction\",\"target\":{\"@type\":\"EntryPoint\",\"urlTemplate\":\"https:\/\/ajc33.com\/?s={search_term_string}\"},\"query-input\":{\"@type\":\"PropertyValueSpecification\",\"valueRequired\":true,\"valueName\":\"search_term_string\"}}],\"inLanguage\":\"fr-FR\"},{\"@type\":\"Organization\",\"@id\":\"https:\/\/ajc33.com\/#organization\",\"name\":\"L&#039;amiti\u00e9 Jud\u00e9o-Chr\u00e9tienne de Bordeaux\",\"url\":\"https:\/\/ajc33.com\/\",\"logo\":{\"@type\":\"ImageObject\",\"inLanguage\":\"fr-FR\",\"@id\":\"https:\/\/ajc33.com\/#\/schema\/logo\/image\/\",\"url\":\"https:\/\/ajc33.com\/wp-content\/uploads\/2018\/03\/cropped-ajc-bod-2.jpg\",\"contentUrl\":\"https:\/\/ajc33.com\/wp-content\/uploads\/2018\/03\/cropped-ajc-bod-2.jpg\",\"width\":200,\"height\":191,\"caption\":\"L&#039;amiti\u00e9 Jud\u00e9o-Chr\u00e9tienne de Bordeaux\"},\"image\":{\"@id\":\"https:\/\/ajc33.com\/#\/schema\/logo\/image\/\"}}]}<\/script>\n<!-- \/ Yoast SEO plugin. -->","yoast_head_json":{"title":"Service Dioc\u00e9sain pour les\u00a0relations avec le Juda\u00efsme & L\u2019Amiti\u00e9 Jud\u00e9o-Chr\u00e9tienne\u00a0de Bordeaux\u00ad - L&#039;amiti\u00e9 Jud\u00e9o-Chr\u00e9tienne de Bordeaux","robots":{"index":"index","follow":"follow","max-snippet":"max-snippet:-1","max-image-preview":"max-image-preview:large","max-video-preview":"max-video-preview:-1"},"canonical":"https:\/\/ajc33.com\/index.php\/service-diocesain-pour-les-relations-avec-le-judaisme-lamitie-judeo-chretienne-de-bordeaux\/","og_locale":"fr_FR","og_type":"article","og_title":"Service Dioc\u00e9sain pour les\u00a0relations avec le Juda\u00efsme & L\u2019Amiti\u00e9 Jud\u00e9o-Chr\u00e9tienne\u00a0de Bordeaux\u00ad - L&#039;amiti\u00e9 Jud\u00e9o-Chr\u00e9tienne de Bordeaux","og_description":"2022- 2023\u00a05783Service Dioc\u00e9sain pour les\u00a0relations avec le Juda\u00efsme &amp; L\u2019Amiti\u00e9 Jud\u00e9o-Chr\u00e9tienne\u00a0de Bordeaux\u00ad \u00ad\u00ad\u00ad \u00ad\u00ad\u00ad\u00a0Dimanche 22 Janvier 2023 11h -17h30 Au M\u00e9morial de la Shoah17 Rue Geoffroy l&rsquo;Asnier, Paris 75004\u00ad. Visite&hellip; Lire la suite Service Dioc\u00e9sain pour les\u00a0relations avec le Juda\u00efsme &#038; L\u2019Amiti\u00e9 Jud\u00e9o-Chr\u00e9tienne\u00a0de Bordeaux\u00ad","og_url":"https:\/\/ajc33.com\/index.php\/service-diocesain-pour-les-relations-avec-le-judaisme-lamitie-judeo-chretienne-de-bordeaux\/","og_site_name":"L&#039;amiti\u00e9 Jud\u00e9o-Chr\u00e9tienne de Bordeaux","article_modified_time":"2022-12-08T15:43:22+00:00","og_image":[{"url":"https:\/\/ecp.yusercontent.com\/mail?url=http%3A%2F%2Fr.expedition.bordeaux.catholique.fr%2Fim%2F143789%2F4195d4498aec5053f320f5c186089896e7090f1daa944aa04835ee2a1937802a.png%3Fe%3DZDSCeBbirdEkFdkCF7LDKseO0Lx3WLZ2_IejvXME2zdVd06TfR2CTyiugppOo-t-IJ8aOcFJp73XUSG-M6OsZ7h6TkAklHBPEitJRhDUUvcrFo2JuhQssJ0xTSo8qULiXQxn7grX9VLLUI36HvMs-atYHmeN0_nuEuDuwHUCtRB1XIA6z8zxRoQ9nNoAkmultF95ouffFdwL6D3wdYYXeD3rE5W4m_5Is2uGB1dQ6m0GAKQF2a5ZzPOmMZR__4YEIVjJPvkh9L-AhJgwp3EstbMcLj1cX76cDNzl&amp;t=1670513537&amp;ymreqid=d4a9156e-4536-f537-1c26-e9000f010300&amp;sig=tWMz4WKNqUhcK9Yk_a2Odw--~D","type":"","width":"","height":""}],"twitter_card":"summary_large_image","twitter_misc":{"Dur\u00e9e de lecture estim\u00e9e":"1 minute"},"schema":{"@context":"https:\/\/schema.org","@graph":[{"@type":"WebPage","@id":"https:\/\/ajc33.com\/index.php\/service-diocesain-pour-les-relations-avec-le-judaisme-lamitie-judeo-chretienne-de-bordeaux\/","url":"https:\/\/ajc33.com\/index.php\/service-diocesain-pour-les-relations-avec-le-judaisme-lamitie-judeo-chretienne-de-bordeaux\/","name":"Service Dioc\u00e9sain pour les\u00a0relations avec le Juda\u00efsme & L\u2019Amiti\u00e9 Jud\u00e9o-Chr\u00e9tienne\u00a0de Bordeaux\u00ad - L&#039;amiti\u00e9 Jud\u00e9o-Chr\u00e9tienne de Bordeaux","isPartOf":{"@id":"https:\/\/ajc33.com\/#website"},"primaryImageOfPage":{"@id":"https:\/\/ajc33.com\/index.php\/service-diocesain-pour-les-relations-avec-le-judaisme-lamitie-judeo-chretienne-de-bordeaux\/#primaryimage"},"image":{"@id":"https:\/\/ajc33.com\/index.php\/service-diocesain-pour-les-relations-avec-le-judaisme-lamitie-judeo-chretienne-de-bordeaux\/#primaryimage"},"thumbnailUrl":"https:\/\/ecp.yusercontent.com\/mail?url=http%3A%2F%2Fr.expedition.bordeaux.catholique.fr%2Fim%2F143789%2F4195d4498aec5053f320f5c186089896e7090f1daa944aa04835ee2a1937802a.png%3Fe%3DZDSCeBbirdEkFdkCF7LDKseO0Lx3WLZ2_IejvXME2zdVd06TfR2CTyiugppOo-t-IJ8aOcFJp73XUSG-M6OsZ7h6TkAklHBPEitJRhDUUvcrFo2JuhQssJ0xTSo8qULiXQxn7grX9VLLUI36HvMs-atYHmeN0_nuEuDuwHUCtRB1XIA6z8zxRoQ9nNoAkmultF95ouffFdwL6D3wdYYXeD3rE5W4m_5Is2uGB1dQ6m0GAKQF2a5ZzPOmMZR__4YEIVjJPvkh9L-AhJgwp3EstbMcLj1cX76cDNzl&amp;t=1670513537&amp;ymreqid=d4a9156e-4536-f537-1c26-e9000f010300&amp;sig=tWMz4WKNqUhcK9Yk_a2Odw--~D","datePublished":"2022-12-08T15:43:20+00:00","dateModified":"2022-12-08T15:43:22+00:00","breadcrumb":{"@id":"https:\/\/ajc33.com\/index.php\/service-diocesain-pour-les-relations-avec-le-judaisme-lamitie-judeo-chretienne-de-bordeaux\/#breadcrumb"},"inLanguage":"fr-FR","potentialAction":[{"@type":"ReadAction","target":["https:\/\/ajc33.com\/index.php\/service-diocesain-pour-les-relations-avec-le-judaisme-lamitie-judeo-chretienne-de-bordeaux\/"]}]},{"@type":"ImageObject","inLanguage":"fr-FR","@id":"https:\/\/ajc33.com\/index.php\/service-diocesain-pour-les-relations-avec-le-judaisme-lamitie-judeo-chretienne-de-bordeaux\/#primaryimage","url":"https:\/\/ecp.yusercontent.com\/mail?url=http%3A%2F%2Fr.expedition.bordeaux.catholique.fr%2Fim%2F143789%2F4195d4498aec5053f320f5c186089896e7090f1daa944aa04835ee2a1937802a.png%3Fe%3DZDSCeBbirdEkFdkCF7LDKseO0Lx3WLZ2_IejvXME2zdVd06TfR2CTyiugppOo-t-IJ8aOcFJp73XUSG-M6OsZ7h6TkAklHBPEitJRhDUUvcrFo2JuhQssJ0xTSo8qULiXQxn7grX9VLLUI36HvMs-atYHmeN0_nuEuDuwHUCtRB1XIA6z8zxRoQ9nNoAkmultF95ouffFdwL6D3wdYYXeD3rE5W4m_5Is2uGB1dQ6m0GAKQF2a5ZzPOmMZR__4YEIVjJPvkh9L-AhJgwp3EstbMcLj1cX76cDNzl&amp;t=1670513537&amp;ymreqid=d4a9156e-4536-f537-1c26-e9000f010300&amp;sig=tWMz4WKNqUhcK9Yk_a2Odw--~D","contentUrl":"https:\/\/ecp.yusercontent.com\/mail?url=http%3A%2F%2Fr.expedition.bordeaux.catholique.fr%2Fim%2F143789%2F4195d4498aec5053f320f5c186089896e7090f1daa944aa04835ee2a1937802a.png%3Fe%3DZDSCeBbirdEkFdkCF7LDKseO0Lx3WLZ2_IejvXME2zdVd06TfR2CTyiugppOo-t-IJ8aOcFJp73XUSG-M6OsZ7h6TkAklHBPEitJRhDUUvcrFo2JuhQssJ0xTSo8qULiXQxn7grX9VLLUI36HvMs-atYHmeN0_nuEuDuwHUCtRB1XIA6z8zxRoQ9nNoAkmultF95ouffFdwL6D3wdYYXeD3rE5W4m_5Is2uGB1dQ6m0GAKQF2a5ZzPOmMZR__4YEIVjJPvkh9L-AhJgwp3EstbMcLj1cX76cDNzl&amp;t=1670513537&amp;ymreqid=d4a9156e-4536-f537-1c26-e9000f010300&amp;sig=tWMz4WKNqUhcK9Yk_a2Odw--~D"},{"@type":"BreadcrumbList","@id":"https:\/\/ajc33.com\/index.php\/service-diocesain-pour-les-relations-avec-le-judaisme-lamitie-judeo-chretienne-de-bordeaux\/#breadcrumb","itemListElement":[{"@type":"ListItem","position":1,"name":"Home","item":"https:\/\/ajc33.com\/"},{"@type":"ListItem","position":2,"name":"Service Dioc\u00e9sain pour les\u00a0relations avec le Juda\u00efsme &#038; L\u2019Amiti\u00e9 Jud\u00e9o-Chr\u00e9tienne\u00a0de Bordeaux\u00ad"}]},{"@type":"WebSite","@id":"https:\/\/ajc33.com\/#website","url":"https:\/\/ajc33.com\/","name":"L&#039;amiti\u00e9 Jud\u00e9o-Chr\u00e9tienne de Bordeaux","description":"","publisher":{"@id":"https:\/\/ajc33.com\/#organization"},"potentialAction":[{"@type":"SearchAction","target":{"@type":"EntryPoint","urlTemplate":"https:\/\/ajc33.com\/?s={search_term_string}"},"query-input":{"@type":"PropertyValueSpecification","valueRequired":true,"valueName":"search_term_string"}}],"inLanguage":"fr-FR"},{"@type":"Organization","@id":"https:\/\/ajc33.com\/#organization","name":"L&#039;amiti\u00e9 Jud\u00e9o-Chr\u00e9tienne de Bordeaux","url":"https:\/\/ajc33.com\/","logo":{"@type":"ImageObject","inLanguage":"fr-FR","@id":"https:\/\/ajc33.com\/#\/schema\/logo\/image\/","url":"https:\/\/ajc33.com\/wp-content\/uploads\/2018\/03\/cropped-ajc-bod-2.jpg","contentUrl":"https:\/\/ajc33.com\/wp-content\/uploads\/2018\/03\/cropped-ajc-bod-2.jpg","width":200,"height":191,"caption":"L&#039;amiti\u00e9 Jud\u00e9o-Chr\u00e9tienne de Bordeaux"},"image":{"@id":"https:\/\/ajc33.com\/#\/schema\/logo\/image\/"}}]}},"jetpack_sharing_enabled":true,"_links":{"self":[{"href":"https:\/\/ajc33.com\/index.php\/wp-json\/wp\/v2\/pages\/574","targetHints":{"allow":["GET"]}}],"collection":[{"href":"https:\/\/ajc33.com\/index.php\/wp-json\/wp\/v2\/pages"}],"about":[{"href":"https:\/\/ajc33.com\/index.php\/wp-json\/wp\/v2\/types\/page"}],"author":[{"embeddable":true,"href":"https:\/\/ajc33.com\/index.php\/wp-json\/wp\/v2\/users\/1"}],"replies":[{"embeddable":true,"href":"https:\/\/ajc33.com\/index.php\/wp-json\/wp\/v2\/comments?post=574"}],"version-history":[{"count":1,"href":"https:\/\/ajc33.com\/index.php\/wp-json\/wp\/v2\/pages\/574\/revisions"}],"predecessor-version":[{"id":576,"href":"https:\/\/ajc33.com\/index.php\/wp-json\/wp\/v2\/pages\/574\/revisions\/576"}],"wp:attachment":[{"href":"https:\/\/ajc33.com\/index.php\/wp-json\/wp\/v2\/media?parent=574"}],"wp:term":[{"taxonomy":"post_tag","embeddable":true,"href":"https:\/\/ajc33.com\/index.php\/wp-json\/wp\/v2\/tags?post=574"}],"curies":[{"name":"wp","href":"https:\/\/api.w.org\/{rel}","templated":true}]}}