{"id":541,"date":"2022-07-23T09:58:36","date_gmt":"2022-07-23T07:58:36","guid":{"rendered":"https:\/\/ajc33.com\/?page_id=541"},"modified":"2022-07-23T09:58:37","modified_gmt":"2022-07-23T07:58:37","slug":"commemoration-des-80-ans-de-la-rafle-du-vel-dhiv","status":"publish","type":"page","link":"https:\/\/ajc33.com\/index.php\/commemoration-des-80-ans-de-la-rafle-du-vel-dhiv\/","title":{"rendered":"Comm\u00e9moration des 80 ans de la rafle du Vel d&rsquo;Hiv."},"content":{"rendered":"\n<p>\u00c0 l&rsquo;occasion de la comm\u00e9moration des 80 ans de la rafle du Vel d&rsquo;Hiv, le Pr\u00e9sident de la R\u00e9publique Emmanuel Macron&nbsp;a inaugur\u00e9 un nouveau lieu de m\u00e9moire de la Shoah dans l&rsquo;ancienne gare de Pithiviers.<\/p>\n\n\n\n<p>Il y a prononc\u00e9 :<\/p>\n\n\n\n<ul class=\"wp-block-list\"><li>Un discours de reconnaissance de la v\u00e9rit\u00e9 de notre histoire et de la culpabilit\u00e9 des autorit\u00e9s de l&rsquo;\u00c9tat fran\u00e7ais dans la d\u00e9portation des juifs de France.<\/li><li>Un discours qui rappelle que la France est un bloc fait de la Nation et de la R\u00e9publique : l\u00e0 o\u00f9 il n&rsquo;y a plus de R\u00e9publique, l&rsquo;Etat de droit et l&rsquo;esprit de la France disparaissent. Le Pr\u00e9sident de la R\u00e9publique a alert\u00e9 sur le risque que la France se perde dans le d\u00e9shonneur et la honte.<\/li><li>Un discours offensif contre \u00ab l&rsquo;antis\u00e9mitisme qui r\u00f4de encore \u00bb. Un antis\u00e9mitisme qui a encore tu\u00e9, de l&rsquo;attentat de la rue des Rosiers en passant par l&rsquo;\u00e9cole Ozar Hatorah il y a 10 ans ou l&rsquo;Hypercasher il y a 7 ans.<\/li><li>Un discours qui appelle \u00e0 combattre les propos r\u00e9visionnistes qui parfois confinent au n\u00e9gationnisme, visant par exemple \u00e0 pr\u00e9senter P\u00e9tain en sauveur de Juifs. Le Pr\u00e9sident a dit avec force qu&rsquo;il s&rsquo;agit d&rsquo;une falsification de l&rsquo;histoire. Ceux qui le font veulent d\u00e9truire la R\u00e9publique et l&rsquo;unit\u00e9 de la Nation.<\/li><\/ul>\n\n\n\n<figure class=\"wp-block-embed is-type-video is-provider-youtube wp-block-embed-youtube wp-embed-aspect-16-9 wp-has-aspect-ratio\"><div class=\"wp-block-embed__wrapper\">\n<div class=\"jetpack-video-wrapper\"><iframe loading=\"lazy\" title=\"Comm\u00e9moration des 80 ans de la rafle du Vel d&#039;Hiv.\" width=\"825\" height=\"464\" src=\"https:\/\/www.youtube.com\/embed\/v9UlcU4ws2I?feature=oembed\" frameborder=\"0\" allow=\"accelerometer; autoplay; clipboard-write; encrypted-media; gyroscope; picture-in-picture\" allowfullscreen><\/iframe><\/div>\n<\/div><\/figure>\n\n\n\n<p>\u00c0 Pithiviers dans le cadre de la comm\u00e9moration du 80eme anniversaire de la Rafle du Vel d\u2019Hiv, le Pr\u00e9sident de la R\u00e9publique inaugure la gare de Pithiviers comme nouveau lieu de m\u00e9moire. G\u00e9r\u00e9 par le M\u00e9morial de la Shoah de Paris, ce lieu rend hommage aux 16 000 Juifs, dont 4 700 enfants, intern\u00e9s entre 1941 et 1943 dans les camps de Pithiviers et de Beaune-la-Rolande ainsi qu&rsquo;aux 8 100 juifs d\u00e9port\u00e9s depuis la gare de Pithiviers.<\/p>\n\n\n\n<p><\/p>\n\n\n\n<figure class=\"wp-block-embed is-type-video is-provider-youtube wp-block-embed-youtube wp-embed-aspect-16-9 wp-has-aspect-ratio\"><div class=\"wp-block-embed__wrapper\">\n<div class=\"jetpack-video-wrapper\"><iframe loading=\"lazy\" title=\"Rafle du Vel d&#039;Hiv : 80 ans apr\u00e8s\" width=\"825\" height=\"464\" src=\"https:\/\/www.youtube.com\/embed\/3yHlS-94L78?feature=oembed\" frameborder=\"0\" allow=\"accelerometer; autoplay; clipboard-write; encrypted-media; gyroscope; picture-in-picture\" allowfullscreen><\/iframe><\/div>\n<\/div><\/figure>\n\n\n\n<p>80 ans apr\u00e8s la rafle du Vel d&rsquo;Hiv, il est toujours aussi urgent de rappeler l&rsquo;Histoire pour la conjurer. Scruter la haine dans notre pass\u00e9 pour mieux la d\u00e9celer dans notre pr\u00e9sent.<\/p>\n\n\n\n<p>source : <a href=\"https:\/\/www.elysee.fr\/emmanuel-macron\/2022\/07\/17\/commemoration-des-80-ans-de-la-rafle-du-vel-dhiv\" target=\"_blank\" rel=\"noreferrer noopener\">https:\/\/www.elysee.fr\/emmanuel-macron\/2022\/07\/17\/commemoration-des-80-ans-de-la-rafle-du-vel-dhiv<\/a><\/p>\n","protected":false},"excerpt":{"rendered":"<p>\u00c0 l&rsquo;occasion de la comm\u00e9moration des 80 ans de la rafle du Vel d&rsquo;Hiv, le Pr\u00e9sident de la R\u00e9publique Emmanuel Macron&nbsp;a inaugur\u00e9 un nouveau lieu de m\u00e9moire de la Shoah&hellip; <a href=\"https:\/\/ajc33.com\/index.php\/commemoration-des-80-ans-de-la-rafle-du-vel-dhiv\/\" class=\"more-link\">Lire la suite <span class=\"screen-reader-text\">Comm\u00e9moration des 80 ans de la rafle du Vel d&rsquo;Hiv.<\/span><\/a><\/p>\n","protected":false},"author":1,"featured_media":0,"parent":0,"menu_order":0,"comment_status":"closed","ping_status":"closed","template":"","meta":{"footnotes":""},"tags":[],"class_list":["post-541","page","type-page","status-publish","hentry","without-featured-image"],"yoast_head":"<!-- This site is optimized with the Yoast SEO plugin v26.6 - https:\/\/yoast.com\/wordpress\/plugins\/seo\/ -->\n<title>Comm\u00e9moration des 80 ans de la rafle du Vel d&#039;Hiv. - L&#039;amiti\u00e9 Jud\u00e9o-Chr\u00e9tienne de Bordeaux<\/title>\n<meta name=\"robots\" content=\"index, follow, max-snippet:-1, max-image-preview:large, max-video-preview:-1\" \/>\n<link rel=\"canonical\" href=\"https:\/\/ajc33.com\/index.php\/commemoration-des-80-ans-de-la-rafle-du-vel-dhiv\/\" \/>\n<meta property=\"og:locale\" content=\"fr_FR\" \/>\n<meta property=\"og:type\" content=\"article\" \/>\n<meta property=\"og:title\" content=\"Comm\u00e9moration des 80 ans de la rafle du Vel d&#039;Hiv. - L&#039;amiti\u00e9 Jud\u00e9o-Chr\u00e9tienne de Bordeaux\" \/>\n<meta property=\"og:description\" content=\"\u00c0 l&rsquo;occasion de la comm\u00e9moration des 80 ans de la rafle du Vel d&rsquo;Hiv, le Pr\u00e9sident de la R\u00e9publique Emmanuel Macron&nbsp;a inaugur\u00e9 un nouveau lieu de m\u00e9moire de la Shoah&hellip; Lire la suite Comm\u00e9moration des 80 ans de la rafle du Vel d&rsquo;Hiv.\" \/>\n<meta property=\"og:url\" content=\"https:\/\/ajc33.com\/index.php\/commemoration-des-80-ans-de-la-rafle-du-vel-dhiv\/\" \/>\n<meta property=\"og:site_name\" content=\"L&#039;amiti\u00e9 Jud\u00e9o-Chr\u00e9tienne de Bordeaux\" \/>\n<meta property=\"article:modified_time\" content=\"2022-07-23T07:58:37+00:00\" \/>\n<meta name=\"twitter:card\" content=\"summary_large_image\" \/>\n<meta name=\"twitter:label1\" content=\"Dur\u00e9e de lecture estim\u00e9e\" \/>\n\t<meta name=\"twitter:data1\" content=\"2 minutes\" \/>\n<script type=\"application\/ld+json\" class=\"yoast-schema-graph\">{\"@context\":\"https:\/\/schema.org\",\"@graph\":[{\"@type\":\"WebPage\",\"@id\":\"https:\/\/ajc33.com\/index.php\/commemoration-des-80-ans-de-la-rafle-du-vel-dhiv\/\",\"url\":\"https:\/\/ajc33.com\/index.php\/commemoration-des-80-ans-de-la-rafle-du-vel-dhiv\/\",\"name\":\"Comm\u00e9moration des 80 ans de la rafle du Vel d'Hiv. - L&#039;amiti\u00e9 Jud\u00e9o-Chr\u00e9tienne de Bordeaux\",\"isPartOf\":{\"@id\":\"https:\/\/ajc33.com\/#website\"},\"datePublished\":\"2022-07-23T07:58:36+00:00\",\"dateModified\":\"2022-07-23T07:58:37+00:00\",\"breadcrumb\":{\"@id\":\"https:\/\/ajc33.com\/index.php\/commemoration-des-80-ans-de-la-rafle-du-vel-dhiv\/#breadcrumb\"},\"inLanguage\":\"fr-FR\",\"potentialAction\":[{\"@type\":\"ReadAction\",\"target\":[\"https:\/\/ajc33.com\/index.php\/commemoration-des-80-ans-de-la-rafle-du-vel-dhiv\/\"]}]},{\"@type\":\"BreadcrumbList\",\"@id\":\"https:\/\/ajc33.com\/index.php\/commemoration-des-80-ans-de-la-rafle-du-vel-dhiv\/#breadcrumb\",\"itemListElement\":[{\"@type\":\"ListItem\",\"position\":1,\"name\":\"Home\",\"item\":\"https:\/\/ajc33.com\/\"},{\"@type\":\"ListItem\",\"position\":2,\"name\":\"Comm\u00e9moration des 80 ans de la rafle du Vel d&#8217;Hiv.\"}]},{\"@type\":\"WebSite\",\"@id\":\"https:\/\/ajc33.com\/#website\",\"url\":\"https:\/\/ajc33.com\/\",\"name\":\"L&#039;amiti\u00e9 Jud\u00e9o-Chr\u00e9tienne de Bordeaux\",\"description\":\"\",\"publisher\":{\"@id\":\"https:\/\/ajc33.com\/#organization\"},\"potentialAction\":[{\"@type\":\"SearchAction\",\"target\":{\"@type\":\"EntryPoint\",\"urlTemplate\":\"https:\/\/ajc33.com\/?s={search_term_string}\"},\"query-input\":{\"@type\":\"PropertyValueSpecification\",\"valueRequired\":true,\"valueName\":\"search_term_string\"}}],\"inLanguage\":\"fr-FR\"},{\"@type\":\"Organization\",\"@id\":\"https:\/\/ajc33.com\/#organization\",\"name\":\"L&#039;amiti\u00e9 Jud\u00e9o-Chr\u00e9tienne de Bordeaux\",\"url\":\"https:\/\/ajc33.com\/\",\"logo\":{\"@type\":\"ImageObject\",\"inLanguage\":\"fr-FR\",\"@id\":\"https:\/\/ajc33.com\/#\/schema\/logo\/image\/\",\"url\":\"https:\/\/ajc33.com\/wp-content\/uploads\/2018\/03\/cropped-ajc-bod-2.jpg\",\"contentUrl\":\"https:\/\/ajc33.com\/wp-content\/uploads\/2018\/03\/cropped-ajc-bod-2.jpg\",\"width\":200,\"height\":191,\"caption\":\"L&#039;amiti\u00e9 Jud\u00e9o-Chr\u00e9tienne de Bordeaux\"},\"image\":{\"@id\":\"https:\/\/ajc33.com\/#\/schema\/logo\/image\/\"}}]}<\/script>\n<!-- \/ Yoast SEO plugin. -->","yoast_head_json":{"title":"Comm\u00e9moration des 80 ans de la rafle du Vel d'Hiv. - L&#039;amiti\u00e9 Jud\u00e9o-Chr\u00e9tienne de Bordeaux","robots":{"index":"index","follow":"follow","max-snippet":"max-snippet:-1","max-image-preview":"max-image-preview:large","max-video-preview":"max-video-preview:-1"},"canonical":"https:\/\/ajc33.com\/index.php\/commemoration-des-80-ans-de-la-rafle-du-vel-dhiv\/","og_locale":"fr_FR","og_type":"article","og_title":"Comm\u00e9moration des 80 ans de la rafle du Vel d'Hiv. - L&#039;amiti\u00e9 Jud\u00e9o-Chr\u00e9tienne de Bordeaux","og_description":"\u00c0 l&rsquo;occasion de la comm\u00e9moration des 80 ans de la rafle du Vel d&rsquo;Hiv, le Pr\u00e9sident de la R\u00e9publique Emmanuel Macron&nbsp;a inaugur\u00e9 un nouveau lieu de m\u00e9moire de la Shoah&hellip; Lire la suite Comm\u00e9moration des 80 ans de la rafle du Vel d&rsquo;Hiv.","og_url":"https:\/\/ajc33.com\/index.php\/commemoration-des-80-ans-de-la-rafle-du-vel-dhiv\/","og_site_name":"L&#039;amiti\u00e9 Jud\u00e9o-Chr\u00e9tienne de Bordeaux","article_modified_time":"2022-07-23T07:58:37+00:00","twitter_card":"summary_large_image","twitter_misc":{"Dur\u00e9e de lecture estim\u00e9e":"2 minutes"},"schema":{"@context":"https:\/\/schema.org","@graph":[{"@type":"WebPage","@id":"https:\/\/ajc33.com\/index.php\/commemoration-des-80-ans-de-la-rafle-du-vel-dhiv\/","url":"https:\/\/ajc33.com\/index.php\/commemoration-des-80-ans-de-la-rafle-du-vel-dhiv\/","name":"Comm\u00e9moration des 80 ans de la rafle du Vel d'Hiv. - L&#039;amiti\u00e9 Jud\u00e9o-Chr\u00e9tienne de Bordeaux","isPartOf":{"@id":"https:\/\/ajc33.com\/#website"},"datePublished":"2022-07-23T07:58:36+00:00","dateModified":"2022-07-23T07:58:37+00:00","breadcrumb":{"@id":"https:\/\/ajc33.com\/index.php\/commemoration-des-80-ans-de-la-rafle-du-vel-dhiv\/#breadcrumb"},"inLanguage":"fr-FR","potentialAction":[{"@type":"ReadAction","target":["https:\/\/ajc33.com\/index.php\/commemoration-des-80-ans-de-la-rafle-du-vel-dhiv\/"]}]},{"@type":"BreadcrumbList","@id":"https:\/\/ajc33.com\/index.php\/commemoration-des-80-ans-de-la-rafle-du-vel-dhiv\/#breadcrumb","itemListElement":[{"@type":"ListItem","position":1,"name":"Home","item":"https:\/\/ajc33.com\/"},{"@type":"ListItem","position":2,"name":"Comm\u00e9moration des 80 ans de la rafle du Vel d&#8217;Hiv."}]},{"@type":"WebSite","@id":"https:\/\/ajc33.com\/#website","url":"https:\/\/ajc33.com\/","name":"L&#039;amiti\u00e9 Jud\u00e9o-Chr\u00e9tienne de Bordeaux","description":"","publisher":{"@id":"https:\/\/ajc33.com\/#organization"},"potentialAction":[{"@type":"SearchAction","target":{"@type":"EntryPoint","urlTemplate":"https:\/\/ajc33.com\/?s={search_term_string}"},"query-input":{"@type":"PropertyValueSpecification","valueRequired":true,"valueName":"search_term_string"}}],"inLanguage":"fr-FR"},{"@type":"Organization","@id":"https:\/\/ajc33.com\/#organization","name":"L&#039;amiti\u00e9 Jud\u00e9o-Chr\u00e9tienne de Bordeaux","url":"https:\/\/ajc33.com\/","logo":{"@type":"ImageObject","inLanguage":"fr-FR","@id":"https:\/\/ajc33.com\/#\/schema\/logo\/image\/","url":"https:\/\/ajc33.com\/wp-content\/uploads\/2018\/03\/cropped-ajc-bod-2.jpg","contentUrl":"https:\/\/ajc33.com\/wp-content\/uploads\/2018\/03\/cropped-ajc-bod-2.jpg","width":200,"height":191,"caption":"L&#039;amiti\u00e9 Jud\u00e9o-Chr\u00e9tienne de Bordeaux"},"image":{"@id":"https:\/\/ajc33.com\/#\/schema\/logo\/image\/"}}]}},"jetpack_sharing_enabled":true,"_links":{"self":[{"href":"https:\/\/ajc33.com\/index.php\/wp-json\/wp\/v2\/pages\/541","targetHints":{"allow":["GET"]}}],"collection":[{"href":"https:\/\/ajc33.com\/index.php\/wp-json\/wp\/v2\/pages"}],"about":[{"href":"https:\/\/ajc33.com\/index.php\/wp-json\/wp\/v2\/types\/page"}],"author":[{"embeddable":true,"href":"https:\/\/ajc33.com\/index.php\/wp-json\/wp\/v2\/users\/1"}],"replies":[{"embeddable":true,"href":"https:\/\/ajc33.com\/index.php\/wp-json\/wp\/v2\/comments?post=541"}],"version-history":[{"count":1,"href":"https:\/\/ajc33.com\/index.php\/wp-json\/wp\/v2\/pages\/541\/revisions"}],"predecessor-version":[{"id":543,"href":"https:\/\/ajc33.com\/index.php\/wp-json\/wp\/v2\/pages\/541\/revisions\/543"}],"wp:attachment":[{"href":"https:\/\/ajc33.com\/index.php\/wp-json\/wp\/v2\/media?parent=541"}],"wp:term":[{"taxonomy":"post_tag","embeddable":true,"href":"https:\/\/ajc33.com\/index.php\/wp-json\/wp\/v2\/tags?post=541"}],"curies":[{"name":"wp","href":"https:\/\/api.w.org\/{rel}","templated":true}]}}