{"id":16,"date":"2018-03-30T17:30:35","date_gmt":"2018-03-30T15:30:35","guid":{"rendered":"http:\/\/ajc33.com\/?page_id=16"},"modified":"2020-01-11T12:40:46","modified_gmt":"2020-01-11T11:40:46","slug":"communiques","status":"publish","type":"page","link":"https:\/\/ajc33.com\/index.php\/communiques\/","title":{"rendered":"Communiqu\u00e9s"},"content":{"rendered":"<p>A la suite des graves d\u00e9gradations constat\u00e9es dans le cimeti\u00e8re juif St Etienne de Bayonne et dans plusieurs \u00e9glises de Pau et de ses environs, qui elles-m\u00eames font suite \u00e0 l\u2019attaque \u00e0 la mosqu\u00e9e de Bayonne le 28 octobre 2019 il est important de se rappeler ce bref texte attribu\u00e9 au pasteur Martin Niem\u00f6ller, enferm\u00e9 dans un camp de concentration de 1937 \u00e0 1945.<\/p>\n<p>\u00ab Quand les nazis sont venus chercher les communistes, je n\u2019ai rien dit, je n\u2019\u00e9tais pas communiste.<br \/>Quand ils ont enferm\u00e9 les sociaux-d\u00e9mocrates, je n\u2019ai rien dit, je n\u2019\u00e9tais pas social-d\u00e9mocrate.<br \/>Quand ils sont venus chercher les syndicalistes, je n\u2019ai rien dit, je n\u2019\u00e9tais pas syndicaliste.<br \/>Quand ils sont venus me chercher, il ne restait plus personne pour protester. \u00bb<\/p>\n<p>Bien respectueusement,<\/p>\n<p>Jean Kalman<br \/>Responsable du Service dioc\u00e9sain pou les relations avec le juda\u00efsme (64)<\/p>\n<p>&#8212;&#8212;&#8212;&#8212;&#8212;&#8212;&#8212;&#8212;&#8212;&#8212;&#8212;&#8212;&#8212;&#8212;&#8212;&#8212;&#8212;&#8212;&#8212;&#8212;&#8212;&#8212;&#8212;&#8212;&#8212;&#8212;&#8212;&#8212;&#8212;&#8212;&#8212;&#8212;&#8212;&#8212;&#8212;&#8212;&#8212;&#8212;&#8211;<\/p>\n<p>Gironde : la mort \u00e0 95 ans d&rsquo;Elisabeth Sentuc, rescap\u00e9e d&rsquo;Auschwitz<\/p>\n<p>Elle \u00e9tait l&rsquo;un des derniers t\u00e9moins directs en Gironde de l&rsquo;horreur des camps de la mort : Elisabeth Sentuc s&rsquo;est \u00e9teinte ce week-end dans sa maison de retraite de Biganos, \u00e0 l&rsquo;\u00e2ge de 95 ans. D\u00e9port\u00e9e \u00e0 Auschwitz, elle t\u00e9moignait depuis vingt ans dans les lyc\u00e9es et coll\u00e8ges.<\/p>\n<p><img loading=\"lazy\" decoding=\"async\" class=\"alignnone size-medium wp-image-282\" src=\"https:\/\/ajc33.com\/wp-content\/uploads\/2018\/10\/870x489_870x489_elisabeth-sentuc-300x169.jpg\" alt=\"\" width=\"300\" height=\"169\" srcset=\"https:\/\/ajc33.com\/wp-content\/uploads\/2018\/10\/870x489_870x489_elisabeth-sentuc-300x169.jpg 300w, https:\/\/ajc33.com\/wp-content\/uploads\/2018\/10\/870x489_870x489_elisabeth-sentuc-768x432.jpg 768w, https:\/\/ajc33.com\/wp-content\/uploads\/2018\/10\/870x489_870x489_elisabeth-sentuc.jpg 870w\" sizes=\"auto, (max-width: 300px) 100vw, 300px\" \/><\/p>\n<p><a href=\"https:\/\/www.francebleu.fr\/infos\/societe\/gironde-la-mort-a-95-ans-d-elisabeth-sentuc-rescapee-d-auschwitz-1538989587\" target=\"_blank\" rel=\"noopener noreferrer\">Lire la suite ici\u00a0<\/a><\/p>\n<p>Un hommage lui sera rendu en novembre \u00e0 la synagogue d&rsquo;Arcachon.<\/p>\n\n\n<hr class=\"wp-block-separator\"\/>\n\n\n\n<p>Pittsburg<\/p>\n\n\n\n<p>Joyce Feinberg, age 75<br>Richard Gottfried, age 65<br>Jerry Rabinowitz, age 66<br>Cecil Rosenthal, age 59<br>David Rosenthal, age 54<br>Bernice Simon, age 84<br>Sylvan Simon, age 86<br>Daniel Stein, age 71<br>Melvin Wax, age 88<br>Rose Malinger, age 97<br>Irving Younger, age 69<\/p>\n\n\n\n<p><strong>Baruch Dayan HaEmet<\/strong><\/p>\n\n\n\n<figure class=\"wp-block-image\"><img loading=\"lazy\" decoding=\"async\" width=\"259\" height=\"194\" src=\"https:\/\/ajc33.com\/wp-content\/uploads\/2018\/10\/bougie.jpg\" alt=\"\" class=\"wp-image-291\"\/><\/figure>\n","protected":false},"excerpt":{"rendered":"<p>A la suite des graves d\u00e9gradations constat\u00e9es dans le cimeti\u00e8re juif St Etienne de Bayonne et dans plusieurs \u00e9glises de Pau et de ses environs, qui elles-m\u00eames font suite \u00e0&hellip; <a href=\"https:\/\/ajc33.com\/index.php\/communiques\/\" class=\"more-link\">Lire la suite <span class=\"screen-reader-text\">Communiqu\u00e9s<\/span><\/a><\/p>\n","protected":false},"author":1,"featured_media":0,"parent":0,"menu_order":0,"comment_status":"closed","ping_status":"closed","template":"","meta":{"footnotes":""},"tags":[],"class_list":["post-16","page","type-page","status-publish","hentry","without-featured-image"],"yoast_head":"<!-- This site is optimized with the Yoast SEO plugin v26.6 - https:\/\/yoast.com\/wordpress\/plugins\/seo\/ -->\n<title>Communiqu\u00e9s - L&#039;amiti\u00e9 Jud\u00e9o-Chr\u00e9tienne de Bordeaux<\/title>\n<meta name=\"robots\" content=\"index, follow, max-snippet:-1, max-image-preview:large, max-video-preview:-1\" \/>\n<link rel=\"canonical\" href=\"https:\/\/ajc33.com\/index.php\/communiques\/\" \/>\n<meta property=\"og:locale\" content=\"fr_FR\" \/>\n<meta property=\"og:type\" content=\"article\" \/>\n<meta property=\"og:title\" content=\"Communiqu\u00e9s - L&#039;amiti\u00e9 Jud\u00e9o-Chr\u00e9tienne de Bordeaux\" \/>\n<meta property=\"og:description\" content=\"A la suite des graves d\u00e9gradations constat\u00e9es dans le cimeti\u00e8re juif St Etienne de Bayonne et dans plusieurs \u00e9glises de Pau et de ses environs, qui elles-m\u00eames font suite \u00e0&hellip; Lire la suite Communiqu\u00e9s\" \/>\n<meta property=\"og:url\" content=\"https:\/\/ajc33.com\/index.php\/communiques\/\" \/>\n<meta property=\"og:site_name\" content=\"L&#039;amiti\u00e9 Jud\u00e9o-Chr\u00e9tienne de Bordeaux\" \/>\n<meta property=\"article:modified_time\" content=\"2020-01-11T11:40:46+00:00\" \/>\n<meta property=\"og:image\" content=\"https:\/\/ajc33.com\/wp-content\/uploads\/2018\/10\/870x489_870x489_elisabeth-sentuc-300x169.jpg\" \/>\n<meta name=\"twitter:card\" content=\"summary_large_image\" \/>\n<meta name=\"twitter:label1\" content=\"Dur\u00e9e de lecture estim\u00e9e\" \/>\n\t<meta name=\"twitter:data1\" content=\"1 minute\" \/>\n<script type=\"application\/ld+json\" class=\"yoast-schema-graph\">{\"@context\":\"https:\/\/schema.org\",\"@graph\":[{\"@type\":\"WebPage\",\"@id\":\"https:\/\/ajc33.com\/index.php\/communiques\/\",\"url\":\"https:\/\/ajc33.com\/index.php\/communiques\/\",\"name\":\"Communiqu\u00e9s - L&#039;amiti\u00e9 Jud\u00e9o-Chr\u00e9tienne de Bordeaux\",\"isPartOf\":{\"@id\":\"https:\/\/ajc33.com\/#website\"},\"primaryImageOfPage\":{\"@id\":\"https:\/\/ajc33.com\/index.php\/communiques\/#primaryimage\"},\"image\":{\"@id\":\"https:\/\/ajc33.com\/index.php\/communiques\/#primaryimage\"},\"thumbnailUrl\":\"https:\/\/ajc33.com\/wp-content\/uploads\/2018\/10\/870x489_870x489_elisabeth-sentuc-300x169.jpg\",\"datePublished\":\"2018-03-30T15:30:35+00:00\",\"dateModified\":\"2020-01-11T11:40:46+00:00\",\"breadcrumb\":{\"@id\":\"https:\/\/ajc33.com\/index.php\/communiques\/#breadcrumb\"},\"inLanguage\":\"fr-FR\",\"potentialAction\":[{\"@type\":\"ReadAction\",\"target\":[\"https:\/\/ajc33.com\/index.php\/communiques\/\"]}]},{\"@type\":\"ImageObject\",\"inLanguage\":\"fr-FR\",\"@id\":\"https:\/\/ajc33.com\/index.php\/communiques\/#primaryimage\",\"url\":\"https:\/\/ajc33.com\/wp-content\/uploads\/2018\/10\/870x489_870x489_elisabeth-sentuc.jpg\",\"contentUrl\":\"https:\/\/ajc33.com\/wp-content\/uploads\/2018\/10\/870x489_870x489_elisabeth-sentuc.jpg\",\"width\":870,\"height\":489},{\"@type\":\"BreadcrumbList\",\"@id\":\"https:\/\/ajc33.com\/index.php\/communiques\/#breadcrumb\",\"itemListElement\":[{\"@type\":\"ListItem\",\"position\":1,\"name\":\"Home\",\"item\":\"https:\/\/ajc33.com\/\"},{\"@type\":\"ListItem\",\"position\":2,\"name\":\"Communiqu\u00e9s\"}]},{\"@type\":\"WebSite\",\"@id\":\"https:\/\/ajc33.com\/#website\",\"url\":\"https:\/\/ajc33.com\/\",\"name\":\"L&#039;amiti\u00e9 Jud\u00e9o-Chr\u00e9tienne de Bordeaux\",\"description\":\"\",\"publisher\":{\"@id\":\"https:\/\/ajc33.com\/#organization\"},\"potentialAction\":[{\"@type\":\"SearchAction\",\"target\":{\"@type\":\"EntryPoint\",\"urlTemplate\":\"https:\/\/ajc33.com\/?s={search_term_string}\"},\"query-input\":{\"@type\":\"PropertyValueSpecification\",\"valueRequired\":true,\"valueName\":\"search_term_string\"}}],\"inLanguage\":\"fr-FR\"},{\"@type\":\"Organization\",\"@id\":\"https:\/\/ajc33.com\/#organization\",\"name\":\"L&#039;amiti\u00e9 Jud\u00e9o-Chr\u00e9tienne de Bordeaux\",\"url\":\"https:\/\/ajc33.com\/\",\"logo\":{\"@type\":\"ImageObject\",\"inLanguage\":\"fr-FR\",\"@id\":\"https:\/\/ajc33.com\/#\/schema\/logo\/image\/\",\"url\":\"https:\/\/ajc33.com\/wp-content\/uploads\/2018\/03\/cropped-ajc-bod-2.jpg\",\"contentUrl\":\"https:\/\/ajc33.com\/wp-content\/uploads\/2018\/03\/cropped-ajc-bod-2.jpg\",\"width\":200,\"height\":191,\"caption\":\"L&#039;amiti\u00e9 Jud\u00e9o-Chr\u00e9tienne de Bordeaux\"},\"image\":{\"@id\":\"https:\/\/ajc33.com\/#\/schema\/logo\/image\/\"}}]}<\/script>\n<!-- \/ Yoast SEO plugin. -->","yoast_head_json":{"title":"Communiqu\u00e9s - L&#039;amiti\u00e9 Jud\u00e9o-Chr\u00e9tienne de Bordeaux","robots":{"index":"index","follow":"follow","max-snippet":"max-snippet:-1","max-image-preview":"max-image-preview:large","max-video-preview":"max-video-preview:-1"},"canonical":"https:\/\/ajc33.com\/index.php\/communiques\/","og_locale":"fr_FR","og_type":"article","og_title":"Communiqu\u00e9s - L&#039;amiti\u00e9 Jud\u00e9o-Chr\u00e9tienne de Bordeaux","og_description":"A la suite des graves d\u00e9gradations constat\u00e9es dans le cimeti\u00e8re juif St Etienne de Bayonne et dans plusieurs \u00e9glises de Pau et de ses environs, qui elles-m\u00eames font suite \u00e0&hellip; Lire la suite Communiqu\u00e9s","og_url":"https:\/\/ajc33.com\/index.php\/communiques\/","og_site_name":"L&#039;amiti\u00e9 Jud\u00e9o-Chr\u00e9tienne de Bordeaux","article_modified_time":"2020-01-11T11:40:46+00:00","og_image":[{"url":"https:\/\/ajc33.com\/wp-content\/uploads\/2018\/10\/870x489_870x489_elisabeth-sentuc-300x169.jpg","type":"","width":"","height":""}],"twitter_card":"summary_large_image","twitter_misc":{"Dur\u00e9e de lecture estim\u00e9e":"1 minute"},"schema":{"@context":"https:\/\/schema.org","@graph":[{"@type":"WebPage","@id":"https:\/\/ajc33.com\/index.php\/communiques\/","url":"https:\/\/ajc33.com\/index.php\/communiques\/","name":"Communiqu\u00e9s - L&#039;amiti\u00e9 Jud\u00e9o-Chr\u00e9tienne de Bordeaux","isPartOf":{"@id":"https:\/\/ajc33.com\/#website"},"primaryImageOfPage":{"@id":"https:\/\/ajc33.com\/index.php\/communiques\/#primaryimage"},"image":{"@id":"https:\/\/ajc33.com\/index.php\/communiques\/#primaryimage"},"thumbnailUrl":"https:\/\/ajc33.com\/wp-content\/uploads\/2018\/10\/870x489_870x489_elisabeth-sentuc-300x169.jpg","datePublished":"2018-03-30T15:30:35+00:00","dateModified":"2020-01-11T11:40:46+00:00","breadcrumb":{"@id":"https:\/\/ajc33.com\/index.php\/communiques\/#breadcrumb"},"inLanguage":"fr-FR","potentialAction":[{"@type":"ReadAction","target":["https:\/\/ajc33.com\/index.php\/communiques\/"]}]},{"@type":"ImageObject","inLanguage":"fr-FR","@id":"https:\/\/ajc33.com\/index.php\/communiques\/#primaryimage","url":"https:\/\/ajc33.com\/wp-content\/uploads\/2018\/10\/870x489_870x489_elisabeth-sentuc.jpg","contentUrl":"https:\/\/ajc33.com\/wp-content\/uploads\/2018\/10\/870x489_870x489_elisabeth-sentuc.jpg","width":870,"height":489},{"@type":"BreadcrumbList","@id":"https:\/\/ajc33.com\/index.php\/communiques\/#breadcrumb","itemListElement":[{"@type":"ListItem","position":1,"name":"Home","item":"https:\/\/ajc33.com\/"},{"@type":"ListItem","position":2,"name":"Communiqu\u00e9s"}]},{"@type":"WebSite","@id":"https:\/\/ajc33.com\/#website","url":"https:\/\/ajc33.com\/","name":"L&#039;amiti\u00e9 Jud\u00e9o-Chr\u00e9tienne de Bordeaux","description":"","publisher":{"@id":"https:\/\/ajc33.com\/#organization"},"potentialAction":[{"@type":"SearchAction","target":{"@type":"EntryPoint","urlTemplate":"https:\/\/ajc33.com\/?s={search_term_string}"},"query-input":{"@type":"PropertyValueSpecification","valueRequired":true,"valueName":"search_term_string"}}],"inLanguage":"fr-FR"},{"@type":"Organization","@id":"https:\/\/ajc33.com\/#organization","name":"L&#039;amiti\u00e9 Jud\u00e9o-Chr\u00e9tienne de Bordeaux","url":"https:\/\/ajc33.com\/","logo":{"@type":"ImageObject","inLanguage":"fr-FR","@id":"https:\/\/ajc33.com\/#\/schema\/logo\/image\/","url":"https:\/\/ajc33.com\/wp-content\/uploads\/2018\/03\/cropped-ajc-bod-2.jpg","contentUrl":"https:\/\/ajc33.com\/wp-content\/uploads\/2018\/03\/cropped-ajc-bod-2.jpg","width":200,"height":191,"caption":"L&#039;amiti\u00e9 Jud\u00e9o-Chr\u00e9tienne de Bordeaux"},"image":{"@id":"https:\/\/ajc33.com\/#\/schema\/logo\/image\/"}}]}},"jetpack_sharing_enabled":true,"_links":{"self":[{"href":"https:\/\/ajc33.com\/index.php\/wp-json\/wp\/v2\/pages\/16","targetHints":{"allow":["GET"]}}],"collection":[{"href":"https:\/\/ajc33.com\/index.php\/wp-json\/wp\/v2\/pages"}],"about":[{"href":"https:\/\/ajc33.com\/index.php\/wp-json\/wp\/v2\/types\/page"}],"author":[{"embeddable":true,"href":"https:\/\/ajc33.com\/index.php\/wp-json\/wp\/v2\/users\/1"}],"replies":[{"embeddable":true,"href":"https:\/\/ajc33.com\/index.php\/wp-json\/wp\/v2\/comments?post=16"}],"version-history":[{"count":5,"href":"https:\/\/ajc33.com\/index.php\/wp-json\/wp\/v2\/pages\/16\/revisions"}],"predecessor-version":[{"id":371,"href":"https:\/\/ajc33.com\/index.php\/wp-json\/wp\/v2\/pages\/16\/revisions\/371"}],"wp:attachment":[{"href":"https:\/\/ajc33.com\/index.php\/wp-json\/wp\/v2\/media?parent=16"}],"wp:term":[{"taxonomy":"post_tag","embeddable":true,"href":"https:\/\/ajc33.com\/index.php\/wp-json\/wp\/v2\/tags?post=16"}],"curies":[{"name":"wp","href":"https:\/\/api.w.org\/{rel}","templated":true}]}}